{"id":989,"date":"2018-07-10T16:52:05","date_gmt":"2018-07-10T14:52:05","guid":{"rendered":"http:\/\/asociacionesrefugi.org\/?page_id=989"},"modified":"2021-07-12T18:20:23","modified_gmt":"2021-07-12T16:20:23","slug":"que-hacemos","status":"publish","type":"page","link":"https:\/\/asociacionesrefugi.org\/es\/que-hacemos\/","title":{"rendered":"Qu\u00e9 hacemos"},"content":{"rendered":"<p>[et_pb_section fb_built=\u00bb1&#8243; custom_padding_last_edited=\u00bbon|phone\u00bb admin_label=\u00bbHeader\u00bb _builder_version=\u00bb4.6.5&#8243; background_image=\u00bbhttp:\/\/asociacionesrefugi.org\/wp-content\/uploads\/2018\/07\/10497929_1568644393351894_877320622980997571_o.jpg\u00bb custom_padding=\u00bb100px||0vw|||\u00bb custom_padding_tablet=\u00bb40px|||\u00bb custom_padding_phone=\u00bb0px|||\u00bb locked=\u00bboff\u00bb][et_pb_row column_structure=\u00bb2_5,3_5&#8243; custom_padding_last_edited=\u00bbon|desktop\u00bb _builder_version=\u00bb4.6.5&#8243; width_tablet=\u00bb\u00bb width_phone=\u00bb90%\u00bb width_last_edited=\u00bbon|phone\u00bb custom_margin=\u00bb|||\u00bb custom_padding=\u00bb|30px||30px||true\u00bb custom_padding_tablet=\u00bb40px||\u00bb custom_padding_phone=\u00bb\u00bb box_shadow_style=\u00bbpreset7&#8243; box_shadow_horizontal=\u00bb0px\u00bb box_shadow_vertical=\u00bb154px\u00bb box_shadow_color=\u00bbrgba(21,156,64,0.65)\u00bb][et_pb_column type=\u00bb2_5&#8243; _builder_version=\u00bb3.25&#8243; custom_padding=\u00bb|||\u00bb custom_padding_last_edited=\u00bboff|desktop\u00bb custom_padding__hover=\u00bb|||\u00bb][\/et_pb_column][et_pb_column type=\u00bb3_5&#8243; _builder_version=\u00bb3.25&#8243; custom_padding=\u00bb|||\u00bb custom_padding_tablet=\u00bb16px||\u00bb custom_padding_phone=\u00bb\u00bb custom_padding_last_edited=\u00bbon|desktop\u00bb custom_padding__hover=\u00bb|||\u00bb][et_pb_text _builder_version=\u00bb4.6.5&#8243; header_font=\u00bb|700|||||||\u00bb header_font_size=\u00bb78px\u00bb header_letter_spacing=\u00bb-1px\u00bb header_line_height=\u00bb1.1em\u00bb background_layout=\u00bbdark\u00bb header_font_size_tablet=\u00bb56px\u00bb header_font_size_phone=\u00bb40px\u00bb header_font_size_last_edited=\u00bbon|phone\u00bb locked=\u00bboff\u00bb]<\/p>\n<h1>Qu\u00e9 hacemos<\/h1>\n<p>[\/et_pb_text][\/et_pb_column][\/et_pb_row][et_pb_row _builder_version=\u00bb3.25&#8243; width=\u00bb100%\u00bb max_width=\u00bb100%\u00bb custom_padding=\u00bb0px||0px|||\u00bb locked=\u00bboff\u00bb][et_pb_column type=\u00bb4_4&#8243; _builder_version=\u00bb3.25&#8243; custom_padding=\u00bb|||\u00bb custom_padding__hover=\u00bb|||\u00bb][et_pb_image src=\u00bbhttp:\/\/asociacionesrefugi.org\/wp-content\/uploads\/2021\/03\/food-bank_57.png\u00bb align=\u00bbright\u00bb align_tablet=\u00bbcenter\u00bb align_phone=\u00bb\u00bb align_last_edited=\u00bbon|desktop\u00bb _builder_version=\u00bb3.23&#8243;][\/et_pb_image][\/et_pb_column][\/et_pb_row][\/et_pb_section][et_pb_section fb_built=\u00bb1&#8243; admin_label=\u00bbDonate\u00bb _builder_version=\u00bb4.6.5&#8243; custom_padding=\u00bb||0px|||\u00bb bottom_divider_color=\u00bb#000000&#8243; bottom_divider_height=\u00bb1.5vw\u00bb bottom_divider_repeat=\u00bb30x\u00bb bottom_divider_arrangement=\u00bbabove_content\u00bb locked=\u00bboff\u00bb][et_pb_row use_custom_gutter=\u00bbon\u00bb make_equal=\u00bbon\u00bb _builder_version=\u00bb3.25&#8243; locked=\u00bboff\u00bb][et_pb_column type=\u00bb4_4&#8243; _builder_version=\u00bb3.25&#8243; custom_padding=\u00bb|||\u00bb custom_padding__hover=\u00bb|||\u00bb][\/et_pb_column][\/et_pb_row][et_pb_row column_structure=\u00bb1_2,1_2&#8243; use_custom_gutter=\u00bbon\u00bb make_equal=\u00bbon\u00bb _builder_version=\u00bb3.25&#8243; module_alignment=\u00bbcenter\u00bb custom_padding=\u00bb0px||0px||true\u00bb][et_pb_column type=\u00bb1_2&#8243; _builder_version=\u00bb3.25&#8243; custom_padding=\u00bb|||\u00bb custom_padding__hover=\u00bb|||\u00bb][et_pb_divider color=\u00bb#159c40&#8243; divider_weight=\u00bb100px\u00bb _builder_version=\u00bb4.6.5&#8243; z_index=\u00bb1&#8243; max_width=\u00bb360px\u00bb height=\u00bb100px\u00bb custom_margin=\u00bb||-90px|-40px\u00bb locked=\u00bboff\u00bb][\/et_pb_divider][et_pb_text _builder_version=\u00bb4.9.2&#8243; text_font=\u00bb||||||||\u00bb text_font_size=\u00bb20px\u00bb text_line_height=\u00bb2em\u00bb header_font=\u00bb||||||||\u00bb header_2_font=\u00bb|700|||||||\u00bb header_2_font_size=\u00bb50px\u00bb header_2_line_height=\u00bb1.2em\u00bb transform_scale_tablet=\u00bb\u00bb transform_scale_phone=\u00bb\u00bb transform_scale_last_edited=\u00bbon|desktop\u00bb transform_translate_tablet=\u00bb0px|0vw\u00bb transform_translate_phone=\u00bb\u00bb transform_translate_last_edited=\u00bbon|phone\u00bb transform_rotate_tablet=\u00bb\u00bb transform_rotate_phone=\u00bb\u00bb transform_rotate_last_edited=\u00bbon|desktop\u00bb transform_skew_tablet=\u00bb\u00bb transform_skew_phone=\u00bb\u00bb transform_skew_last_edited=\u00bbon|desktop\u00bb transform_origin_tablet=\u00bb\u00bb transform_origin_phone=\u00bb\u00bb transform_origin_last_edited=\u00bbon|desktop\u00bb z_index=\u00bb1&#8243; max_width=\u00bb520px\u00bb module_alignment=\u00bbleft\u00bb text_font_size_tablet=\u00bb\u00bb text_font_size_phone=\u00bb16px\u00bb text_font_size_last_edited=\u00bbon|desktop\u00bb header_2_font_size_tablet=\u00bb\u00bb header_2_font_size_phone=\u00bb32px\u00bb header_2_font_size_last_edited=\u00bbon|phone\u00bb locked=\u00bboff\u00bb]<\/p>\n<h2>Refugi Pare Gaspar Aguil\u00f3, nuestro espacio <\/h2>\n<p>[\/et_pb_text][\/et_pb_column][et_pb_column type=\u00bb1_2&#8243; _builder_version=\u00bb3.25&#8243; custom_padding=\u00bb|||\u00bb custom_padding__hover=\u00bb|||\u00bb][\/et_pb_column][\/et_pb_row][et_pb_row column_structure=\u00bb1_2,1_2&#8243; use_custom_gutter=\u00bbon\u00bb gutter_width=\u00bb2&#8243; _builder_version=\u00bb4.6.5&#8243; locked=\u00bboff\u00bb][et_pb_column type=\u00bb1_2&#8243; _builder_version=\u00bb3.25&#8243; custom_padding=\u00bb|||\u00bb custom_padding__hover=\u00bb|||\u00bb][et_pb_text _builder_version=\u00bb4.9.4&#8243; text_line_height=\u00bb2em\u00bb header_font=\u00bb||||||||\u00bb header_3_font=\u00bbLora|700|||||||\u00bb header_3_text_color=\u00bb#74ba57&#8243; header_3_font_size=\u00bb20px\u00bb header_3_line_height=\u00bb1.2em\u00bb header_4_font=\u00bbLora|700|||||||\u00bb header_4_font_size=\u00bb16px\u00bb header_4_line_height=\u00bb1.4em\u00bb width_tablet=\u00bbauto\u00bb width_phone=\u00bbauto\u00bb width_last_edited=\u00bbon|desktop\u00bb hover_enabled=\u00bb0&#8243; sticky_enabled=\u00bb0&#8243;]<\/p>\n<p><strong>Es Refugi<\/strong>, a trav\u00e9s de nuestro \u201c<strong>Refugi Pare Gaspar Aguil\u00f3<\/strong>\u201d, facilita una serie de servicios que permiten mejorar la vida cotidiana de los usuarios, como son camas, lugares de higiene personal, desayuno, comida y cena.<\/p>\n<p>[\/et_pb_text][\/et_pb_column][et_pb_column type=\u00bb1_2&#8243; _builder_version=\u00bb3.25&#8243; custom_padding=\u00bb|||\u00bb custom_padding__hover=\u00bb|||\u00bb][et_pb_text _builder_version=\u00bb4.6.5&#8243; text_line_height=\u00bb2em\u00bb header_font=\u00bb||||||||\u00bb header_3_font=\u00bb|700|||||||\u00bb header_3_text_color=\u00bb#74ba57&#8243; header_3_font_size=\u00bb20px\u00bb header_3_line_height=\u00bb1.2em\u00bb header_4_font=\u00bbLora|700|||||||\u00bb header_4_font_size=\u00bb16px\u00bb header_4_line_height=\u00bb1.2em\u00bb width_tablet=\u00bbauto\u00bb width_phone=\u00bbauto\u00bb width_last_edited=\u00bbon|desktop\u00bb custom_margin=\u00bb||0px\u00bb locked=\u00bboff\u00bb]<\/p>\n<h3>TODAS LAS INSTALACIONES NECESARIAS PARA FACILITAR LA VIDA DE NUESTROS USUARIOS:<\/h3>\n<p>[\/et_pb_text][et_pb_text _builder_version=\u00bb4.9.2&#8243; _module_preset=\u00bbdefault\u00bb]<\/p>\n<ul>\n<li>5 habitaciones comunitarias con una capacidad total de 40 camas.<\/li>\n<li>1 sala de estar \/comedor, dotada de televisi\u00f3n y biblioteca.<\/li>\n<li>1 cocina totalmente equipada: cocina de gas, 2 neveras, 4 microondas, etc.<\/li>\n<li>1 ba\u00f1o comunitario, dotado con 6 duchas, 8 lavabos y 6 wc.<\/li>\n<li>1 almac\u00e9n de alimentos, equipado con<\/li>\n<li>3 conservadoras y 1 refrigerador.<\/li>\n<li>1 consigna para guardar ropas y objetos personales de los usuarios.<\/li>\n<li>1 despacho de atenci\u00f3n al usuario.<\/li>\n<li>1 despacho de gerencia.<\/li>\n<li>1 cuarto de planchado.<\/li>\n<li>3 lavadoras y 3 secadoras<\/li>\n<li>1 sala de calderas para agua caliente y calefacci\u00f3n<\/li>\n<\/ul>\n<p>[\/et_pb_text][\/et_pb_column][\/et_pb_row][\/et_pb_section][et_pb_section fb_built=\u00bb1&#8243; _builder_version=\u00bb4.6.5&#8243; _module_preset=\u00bbdefault\u00bb][et_pb_row use_custom_gutter=\u00bbon\u00bb _builder_version=\u00bb4.6.5&#8243; _module_preset=\u00bbdefault\u00bb width=\u00bb100%\u00bb max_width=\u00bb2560px\u00bb][et_pb_column type=\u00bb4_4&#8243; _builder_version=\u00bb4.6.5&#8243; _module_preset=\u00bbdefault\u00bb][et_pb_gallery gallery_ids=\u00bb1842,1922,1888,1847,1916,1844,1841,1911,1903,1900,1867,1868,1869,1866,1865,1864,1863,1862,1860&#8243; posts_number=\u00bb50&#8243; show_title_and_caption=\u00bboff\u00bb show_pagination=\u00bboff\u00bb _builder_version=\u00bb4.9.4&#8243; _module_preset=\u00bbdefault\u00bb hover_enabled=\u00bb0&#8243; custom_css_gallery_item_title=\u00bbdisplay:none\u00bb sticky_enabled=\u00bb0&#8243;][\/et_pb_gallery][\/et_pb_column][\/et_pb_row][\/et_pb_section][et_pb_section fb_built=\u00bb1&#8243; admin_label=\u00bbDonate\u00bb _builder_version=\u00bb4.6.5&#8243; custom_padding=\u00bb||0px|||\u00bb bottom_divider_color=\u00bb#000000&#8243; bottom_divider_height=\u00bb1.5vw\u00bb bottom_divider_repeat=\u00bb30x\u00bb bottom_divider_arrangement=\u00bbabove_content\u00bb locked=\u00bboff\u00bb][et_pb_row use_custom_gutter=\u00bbon\u00bb make_equal=\u00bbon\u00bb _builder_version=\u00bb3.25&#8243; locked=\u00bboff\u00bb][et_pb_column type=\u00bb4_4&#8243; _builder_version=\u00bb3.25&#8243; custom_padding=\u00bb|||\u00bb custom_padding__hover=\u00bb|||\u00bb][\/et_pb_column][\/et_pb_row][et_pb_row column_structure=\u00bb1_2,1_2&#8243; use_custom_gutter=\u00bbon\u00bb make_equal=\u00bbon\u00bb _builder_version=\u00bb3.25&#8243; module_alignment=\u00bbcenter\u00bb custom_padding=\u00bb0px||0px||true\u00bb][et_pb_column type=\u00bb1_2&#8243; _builder_version=\u00bb3.25&#8243; custom_padding=\u00bb|||\u00bb custom_padding__hover=\u00bb|||\u00bb][et_pb_divider color=\u00bb#159c40&#8243; divider_weight=\u00bb100px\u00bb _builder_version=\u00bb4.6.5&#8243; z_index=\u00bb1&#8243; max_width=\u00bb360px\u00bb height=\u00bb100px\u00bb custom_margin=\u00bb||-90px|-40px\u00bb locked=\u00bboff\u00bb][\/et_pb_divider][et_pb_text _builder_version=\u00bb4.6.5&#8243; text_font=\u00bb||||||||\u00bb text_font_size=\u00bb20px\u00bb text_line_height=\u00bb2em\u00bb header_font=\u00bb||||||||\u00bb header_2_font=\u00bb|700|||||||\u00bb header_2_font_size=\u00bb50px\u00bb header_2_line_height=\u00bb1.2em\u00bb transform_scale_tablet=\u00bb\u00bb transform_scale_phone=\u00bb\u00bb transform_scale_last_edited=\u00bbon|desktop\u00bb transform_translate_tablet=\u00bb0px|0vw\u00bb transform_translate_phone=\u00bb\u00bb transform_translate_last_edited=\u00bbon|phone\u00bb transform_rotate_tablet=\u00bb\u00bb transform_rotate_phone=\u00bb\u00bb transform_rotate_last_edited=\u00bbon|desktop\u00bb transform_skew_tablet=\u00bb\u00bb transform_skew_phone=\u00bb\u00bb transform_skew_last_edited=\u00bbon|desktop\u00bb transform_origin_tablet=\u00bb\u00bb transform_origin_phone=\u00bb\u00bb transform_origin_last_edited=\u00bbon|desktop\u00bb z_index=\u00bb1&#8243; max_width=\u00bb520px\u00bb module_alignment=\u00bbleft\u00bb text_font_size_tablet=\u00bb\u00bb text_font_size_phone=\u00bb16px\u00bb text_font_size_last_edited=\u00bbon|desktop\u00bb header_2_font_size_tablet=\u00bb\u00bb header_2_font_size_phone=\u00bb32px\u00bb header_2_font_size_last_edited=\u00bbon|phone\u00bb locked=\u00bboff\u00bb]<\/p>\n<h2>Comedor social<\/h2>\n<p>[\/et_pb_text][\/et_pb_column][et_pb_column type=\u00bb1_2&#8243; _builder_version=\u00bb3.25&#8243; custom_padding=\u00bb|||\u00bb custom_padding__hover=\u00bb|||\u00bb][\/et_pb_column][\/et_pb_row][et_pb_row use_custom_gutter=\u00bbon\u00bb gutter_width=\u00bb2&#8243; _builder_version=\u00bb4.6.5&#8243; locked=\u00bboff\u00bb][et_pb_column type=\u00bb4_4&#8243; _builder_version=\u00bb3.25&#8243; custom_padding=\u00bb|||\u00bb custom_padding__hover=\u00bb|||\u00bb][et_pb_text _builder_version=\u00bb4.9.2&#8243; text_line_height=\u00bb2em\u00bb header_font=\u00bb||||||||\u00bb header_3_font=\u00bbLora|700|||||||\u00bb header_3_text_color=\u00bb#74ba57&#8243; header_3_font_size=\u00bb20px\u00bb header_3_line_height=\u00bb1.2em\u00bb header_4_font=\u00bbLora|700|||||||\u00bb header_4_font_size=\u00bb16px\u00bb header_4_line_height=\u00bb1.4em\u00bb width_tablet=\u00bbauto\u00bb width_phone=\u00bbauto\u00bb width_last_edited=\u00bbon|desktop\u00bb]<\/p>\n<p><strong>Es Refugi<\/strong>, consciente del crecimiento de la pobreza en nuestra sociedad, viene ofreciendo servicio de comedor social en nuestras dependencias del \u201c<strong>Refugi Pare Gaspar Aguil\u00f3<\/strong>\u201d.<\/p>\n<p>Temporalmente cerrado por la pandemia Covid19 para atender exclusivamente a los usuarios del centro de acogida, ahora en r\u00e9gimen temporal de d\u00eda, tarde y noche, el comedor social puede servir a unas 25 personas diarias.<\/p>\n<p>[\/et_pb_text][\/et_pb_column][\/et_pb_row][\/et_pb_section][et_pb_section fb_built=\u00bb1&#8243; _builder_version=\u00bb4.6.5&#8243; _module_preset=\u00bbdefault\u00bb][et_pb_row use_custom_gutter=\u00bbon\u00bb _builder_version=\u00bb4.6.5&#8243; _module_preset=\u00bbdefault\u00bb width=\u00bb100%\u00bb max_width=\u00bb2560px\u00bb][et_pb_column type=\u00bb4_4&#8243; _builder_version=\u00bb4.6.5&#8243; _module_preset=\u00bbdefault\u00bb][et_pb_gallery gallery_ids=\u00bb960,961,962,970,1105,1139,1140,1143,1144,1145,1146,1147,1148&#8243; posts_number=\u00bb50&#8243; show_title_and_caption=\u00bboff\u00bb show_pagination=\u00bboff\u00bb _builder_version=\u00bb4.6.5&#8243; _module_preset=\u00bbdefault\u00bb min_height=\u00bb0px\u00bb][\/et_pb_gallery][\/et_pb_column][\/et_pb_row][\/et_pb_section]<\/p>\n","protected":false},"excerpt":{"rendered":"<p>Qu\u00e9 hacemosRefugi Pare Gaspar Aguil\u00f3, nuestro espacio Es Refugi, a trav\u00e9s de nuestro \u201cRefugi Pare Gaspar Aguil\u00f3\u201d, facilita una serie de servicios que permiten mejorar la vida cotidiana de los usuarios, como son camas, lugares de higiene personal, desayuno, comida y cena.TODAS LAS INSTALACIONES NECESARIAS PARA FACILITAR LA VIDA DE NUESTROS USUARIOS: 5 habitaciones comunitarias [&hellip;]<\/p>\n","protected":false},"author":1,"featured_media":0,"parent":0,"menu_order":0,"comment_status":"closed","ping_status":"closed","template":"","meta":{"_et_pb_use_builder":"on","_et_pb_old_content":"","_et_gb_content_width":"","footnotes":""},"class_list":["post-989","page","type-page","status-publish","hentry"],"_links":{"self":[{"href":"https:\/\/asociacionesrefugi.org\/es\/wp-json\/wp\/v2\/pages\/989","targetHints":{"allow":["GET"]}}],"collection":[{"href":"https:\/\/asociacionesrefugi.org\/es\/wp-json\/wp\/v2\/pages"}],"about":[{"href":"https:\/\/asociacionesrefugi.org\/es\/wp-json\/wp\/v2\/types\/page"}],"author":[{"embeddable":true,"href":"https:\/\/asociacionesrefugi.org\/es\/wp-json\/wp\/v2\/users\/1"}],"replies":[{"embeddable":true,"href":"https:\/\/asociacionesrefugi.org\/es\/wp-json\/wp\/v2\/comments?post=989"}],"version-history":[{"count":5,"href":"https:\/\/asociacionesrefugi.org\/es\/wp-json\/wp\/v2\/pages\/989\/revisions"}],"predecessor-version":[{"id":2409,"href":"https:\/\/asociacionesrefugi.org\/es\/wp-json\/wp\/v2\/pages\/989\/revisions\/2409"}],"wp:attachment":[{"href":"https:\/\/asociacionesrefugi.org\/es\/wp-json\/wp\/v2\/media?parent=989"}],"curies":[{"name":"wp","href":"https:\/\/api.w.org\/{rel}","templated":true}]}}